{"id":1055,"date":"2018-12-02T13:22:32","date_gmt":"2018-12-02T13:22:32","guid":{"rendered":"https:\/\/gppg.prs.hr\/?page_id=1055"},"modified":"2019-05-24T14:31:45","modified_gmt":"2019-05-24T14:31:45","slug":"naslovnica","status":"publish","type":"page","link":"https:\/\/gppg.prs.hr\/","title":{"rendered":"Naslovnica"},"content":{"rendered":"<div class=\"nicepage-container\"><div class=\"\" style=\"\" >        <script>\n            (function ($) {\n                var ResponsiveCms = window.ResponsiveCms;\n                if (!ResponsiveCms) {\n                    return;\n                }\n                ResponsiveCms.contentDom = $('script:last').parent();\n                ResponsiveCms.prevMode = \"LG\";\n\n                if (typeof ResponsiveCms.recalcClasses === 'function') {\n                    ResponsiveCms.recalcClasses();\n                }\n            })(jQuery);\n        <\/script>\n        \n    <section class=\"skrollable skrollable-between u-border-no-bottom u-border-no-left u-border-no-right u-border-no-top u-clearfix u-image u-image-tiles u-section-1\" id=\"sec-0a9c\"><div class=\"u-clearfix u-sheet u-sheet-1\">\n            <div class=\"u-clearfix u-expanded-width u-gutter-10 u-layout-spacing-vertical u-layout-wrap u-layout-wrap-1\">\n                <div class=\"u-layout\">\n                    <div class=\"u-layout-row\">\n                        <div class=\"u-align-left u-container-style u-layout-cell u-left-cell u-size-22 u-layout-cell-1\">\n                            <div class=\"u-container-layout\">\n                                <div class=\"u-shortcode u-shortcode-1\"><div class=\"div_vijesti\"><div class=\"listing-item\"><a class=\"title\" href=\"https:\/\/gppg.prs.hr\/?p=3380\">Europska komisija objavila prijedlog Direktive o transparentnosti pla\u0107a<\/a> <span class=\"date\">09.03.2021.<\/span> <span class=\"excerpt-dash\">-<\/span> <span class=\"excerpt\">Europska komisija objavila je prijedlog Direktive o transparentnosti pla\u0107a s ciljem postizanja jednakosti pla\u0107a za jednak rad ili rad jednake vrijednosti, s mjerama \u010dije uvo\u0111enje Pravobraniteljica za ravnopravnost spolova kontinuirano zagovara. Prijedlog Direktive Europskog parlamenta i Vije\u0107a za ja\u010danje primjene na\u010dela jednakosti pla\u0107a za jednak rad ili rad jednake vrijednosti izme\u0111u mu\u0161karaca i \u017eena putem transparentnosti pla\u0107a i mehanizama osiguranja provedbe usredoto\u010duje se na dva klju\u010dna elementa: mjere transparentnosti pla\u0107a i unaprje\u0111enje pristupa pravosu\u0111u \u017ertvama diskriminacije u pla\u0107ama. Mjere transparentnosti pla\u0107a uklju\u010duju: 1) obvezu poslodavca da kandidatima\/kinjama za posao daju informacije o po\u010detnoj pla\u0107i ili mogu\u0107em rasponu po\u010detne pla\u0107e u&hellip; <span class=\"excerpt-more\">...<\/span><\/span><\/div><\/div><\/div>\n                            <\/div>\n                        <\/div>\n                        <div class=\"u-align-left u-container-style u-layout-cell u-size-22 u-layout-cell-2\">\n                            <div class=\"u-container-layout\">\n                                <div class=\"u-shortcode u-shortcode-2\"><div class=\"div_vijesti\"><div class=\"listing-item\"><a class=\"title\" href=\"https:\/\/gppg.prs.hr\/?p=3291\">Sastanak pravobraniteljice s \u010dlanovima i \u010dlanicama saborskih odbora<\/a> <span class=\"date\">04.02.2021.<\/span> <span class=\"excerpt-dash\">-<\/span> <span class=\"excerpt\">Kao jedna od zavr\u0161nih aktivnosti EU projekta \u201eJednaka prava \u2013 jednake pla\u0107e \u2013 jednake mirovine\u201c, Pravobraniteljica za ravnopravnost spolova, kao nositeljica projekta, organizirala je i drugi radni sastanak pod nazivom \u201e(Ne)jednake pla\u0107e i mirovine u Republici Hrvatskoj\u201c na koji je pozvala predstavnike\/ce odbora Hrvatskog sabora. Pozivu se odazvala predsjednica Odbora za zdravstvo i socijalnu politiku, Renata Sabljar-Dra\u010devac, \u010dlanica Odbora za ljudska prava i prava nacionalnih manjina, Dragana Jeckov, tajnik Odbora za ljudska prava i prava nacionalnih manjina, Davorin Kajfe\u0161, savjetnica Odbora za lokalnu i podru\u010dnu (regionalnu) samoupravu, Snje\u017eana Kvesi\u0107 te potpredsjednica Odbora za ravnopravnost spolova, Branka Juri\u010dev-Martin\u010dev. Dnevni red je,&hellip; <span class=\"excerpt-more\">...<\/span><\/span><\/div><\/div><\/div>\n                            <\/div>\n                        <\/div>\n                        <div class=\"u-container-style u-layout-cell u-right-cell u-size-16 u-layout-cell-3\">\n                            <div class=\"u-container-layout\">\n                                <div class=\"u-expanded-width u-shortcode u-shortcode-3\"><a href=\"http:\/\/prs.hr\" target=\"_blank\" rel=\"noopener\"><img loading=\"lazy\" decoding=\"async\" class=\"aligncenter size-medium wp-image-2497\" src=\"https:\/\/gppg.prs.hr\/wp-content\/uploads\/2019\/05\/prs300px-300x163.jpg\" alt=\"prs.hr\" style=\"border-radius: 10px;\" width=\"300\" height=\"163\" srcset=\"https:\/\/gppg.prs.hr\/wp-content\/uploads\/2019\/05\/prs300px.jpg 300w, https:\/\/gppg.prs.hr\/wp-content\/uploads\/2019\/05\/prs300px-150x82.jpg 150w\" sizes=\"auto, (max-width: 300px) 85vw, 300px\" \/><\/a><\/div>\n                            <\/div>\n                        <\/div>\n                    <\/div>\n                <\/div>\n            <\/div>\n        <\/div><\/section>\n    <section class=\"u-clearfix u-image u-section-2\" id=\"sec-3b27\"><div class=\"u-clearfix u-sheet u-sheet-1\">\n            <div class=\"u-clearfix u-expanded-width u-layout-wrap u-layout-wrap-1\">\n                <div class=\"u-layout\">\n                    <div class=\"u-layout-row\">\n                        <div class=\"u-container-style u-layout-cell u-left-cell u-size-30 u-layout-cell-1\">\n                            <div class=\"u-container-layout\">\n                                <p class=\"u-text u-text-white u-text-1\">Video \/ Foto galerija<\/p>\n                                <div class=\"u-border-no-bottom u-border-no-left u-border-no-right u-border-no-top u-expanded-width u-video u-video-1\">\n                                    <div style=\"position: absolute; width: 100%; left: 0; height: 100%; top: 0;\" class=\"embed-responsive\"> <iframe style=\"position: absolute;top: 0;left: 0;width: 100%;height: 100%;\" class=\"embed-responsive-item\" src=\"https:\/\/www.youtube.com\/embed\/JE4sewpm0G4?mute=0&amp;showinfo=0&amp;controls=0&amp;start=0\" allowfullscreen=\"\" frameborder=\"0\">   <\/iframe><\/div>\n                                <\/div><a href=\"https:\/\/gppg.prs.hr\/?page_id=2065\" class=\"u-border-radius-4 u-btn u-btn-round u-button-style u-palette-1-base u-text-white u-btn-1\">Multimedija<\/a><\/div>\n                        <\/div>\n                        <div class=\"u-container-style u-layout-cell u-right-cell u-size-30 u-layout-cell-2\">\n                            <div class=\"u-container-layout\">\n                                <p class=\"u-text u-text-white u-text-2\">Publikacije<\/p><img decoding=\"async\" src=\"https:\/\/gppg.prs.hr\/wp-content\/uploads\/2018\/12\/letak_hr-1.png\" alt=\"\" class=\"u-image u-image-contain u-image-default u-image-1\" data-image-width=\"561\" data-image-height=\"795\"><img decoding=\"async\" src=\"https:\/\/gppg.prs.hr\/wp-content\/uploads\/2018\/12\/letak_en_300-1.png\" alt=\"\" class=\"u-image u-image-contain u-image-default u-image-2\" data-image-width=\"300\" data-image-height=\"425\"><a href=\"https:\/\/gppg.prs.hr\/?page_id=2129\" class=\"u-border-radius-4 u-btn u-btn-round u-button-style u-palette-2-base u-btn-2\">Sve publikacije<\/a><\/div>\n                        <\/div>\n                    <\/div>\n                <\/div>\n            <\/div>\n        <\/div><\/section>\n<\/div><\/div>","protected":false},"excerpt":{"rendered":"<p>Video \/ Foto galerija Multimedija PublikacijeSve publikacije<\/p>\n","protected":false},"author":2,"featured_media":0,"parent":0,"menu_order":1,"comment_status":"closed","ping_status":"closed","template":"","meta":{"footnotes":""},"class_list":["post-1055","page","type-page","status-publish","hentry"],"_links":{"self":[{"href":"https:\/\/gppg.prs.hr\/index.php?rest_route=\/wp\/v2\/pages\/1055","targetHints":{"allow":["GET"]}}],"collection":[{"href":"https:\/\/gppg.prs.hr\/index.php?rest_route=\/wp\/v2\/pages"}],"about":[{"href":"https:\/\/gppg.prs.hr\/index.php?rest_route=\/wp\/v2\/types\/page"}],"author":[{"embeddable":true,"href":"https:\/\/gppg.prs.hr\/index.php?rest_route=\/wp\/v2\/users\/2"}],"replies":[{"embeddable":true,"href":"https:\/\/gppg.prs.hr\/index.php?rest_route=%2Fwp%2Fv2%2Fcomments&post=1055"}],"version-history":[{"count":2,"href":"https:\/\/gppg.prs.hr\/index.php?rest_route=\/wp\/v2\/pages\/1055\/revisions"}],"predecessor-version":[{"id":2500,"href":"https:\/\/gppg.prs.hr\/index.php?rest_route=\/wp\/v2\/pages\/1055\/revisions\/2500"}],"wp:attachment":[{"href":"https:\/\/gppg.prs.hr\/index.php?rest_route=%2Fwp%2Fv2%2Fmedia&parent=1055"}],"curies":[{"name":"wp","href":"https:\/\/api.w.org\/{rel}","templated":true}]}}