{"id":121,"date":"2018-11-21T22:27:17","date_gmt":"2018-11-21T22:27:17","guid":{"rendered":"https:\/\/gppg.prs.hr\/?page_id=121"},"modified":"2018-12-15T17:38:01","modified_gmt":"2018-12-15T17:38:01","slug":"iz-drugih-medija","status":"publish","type":"page","link":"https:\/\/gppg.prs.hr\/?page_id=121","title":{"rendered":"Iz drugih medija"},"content":{"rendered":"<div class=\"nicepage-container\"><div class=\"\" style=\"\" >        <script>\n            (function ($) {\n                var ResponsiveCms = window.ResponsiveCms;\n                if (!ResponsiveCms) {\n                    return;\n                }\n                ResponsiveCms.contentDom = $('script:last').parent();\n                ResponsiveCms.prevMode = \"XL\";\n\n                if (typeof ResponsiveCms.recalcClasses === 'function') {\n                    ResponsiveCms.recalcClasses();\n                }\n            })(jQuery);\n        <\/script>\n        \n    <section class=\"u-clearfix u-section-1\" id=\"sec-4d22\"><div class=\"u-clearfix u-sheet u-sheet-1\">\n            <div class=\"u-clearfix u-expanded-width u-layout-wrap u-layout-wrap-1\">\n                <div class=\"u-layout\">\n                    <div class=\"u-layout-col\">\n                        <div class=\"u-size-30\">\n                            <div class=\"u-layout-row\">\n                                <div class=\"u-container-style u-gradient u-layout-cell u-left-cell u-size-30 u-layout-cell-1\">\n                                    <div class=\"u-container-layout u-container-layout-1\">\n                                        <p class=\"u-text\"><a href=\"http:\/\/www.hsuzagreb.hr\/jednake-mirovine-kao-rezultat-jednakih-placa-preduvjet-za-ekonomsko-osnazivanje-zena-medunarodni-dan-borbe-za-eliminaciju-nasilja-nad-zenama\/\" target=\"_blank\">HSU, 24.11.2018.<\/a>&nbsp;<br>\n                                            <a href=\"http:\/\/www.sigurnomjesto.hr\/zenska-soba-predstavljanju-novog-eu-projekta-pravobraniteljice-ravnopravnost-spolova\/\" target=\"_blank\">Sigurnomjesto.hr, 17.11.2018.<\/a>&nbsp;<br><a href=\"http:\/\/romi.hr\/vijesti-rnv\/hrvatska\/predstavljen-projekt-jednaka-prava-jednake-place-jednake-mirovine\" target=\"_blank\">Romi.hr, 16.11.2018.<\/a>&nbsp;<br>\n                                            <a href=\"http:\/\/www.hsuzagreb.hr\/grad-zagreb-odabrao-novu-predsjednicu-foruma-zena-grada-zagreba\/\" target=\"_blank\">HSU, 9.11.2018.&nbsp;<\/a><br><a href=\"https:\/\/www.krizevci.info\/2018\/11\/09\/novi-eu-projekt-pravobraniteljice-za-ravnopravnost-spolova-jednaka-prava-jednake-place-jednake-mirovine\/\" target=\"_blank\">Kri\u017eevci.info, 9.11.2018.<\/a>&nbsp;<br>\n                                            <a href=\"https:\/\/www.jutarnji.hr\/vijesti\/hrvatska\/muskarac-u-hrvatskoj-zaradi-placu-i-pol-vise-od-zene-krenuo-projekt-s-ciljem-edukacije-i-izrade-nacionalnog-okvira-za-place-i-mirovine\/8025830\/\" target=\"_blank\">Jutarnji list, 7.11.2018.<\/a>&nbsp;<br>\n                                            <a href=\"https:\/\/epodravina.hr\/predstavljen-projekt-jednaka-prava-jednake-place-jednake-mirovine\/\" target=\"_blank\">e-podravina.hr, 7.11.2018.<\/a>&nbsp;<br><a href=\"http:\/\/www.glas-slavonije.hr\/380932\/1\/Muskarac-zaradi-11500-kuna-vise\" target=\"_blank\">Glas Slavonije, 7.11.2018.<\/a>&nbsp;<br><a href=\"https:\/\/zadovoljna.dnevnik.hr\/clanak\/ne-ravnopravnost-u-hrvatskoj-muskarac-zaradi-jednu-i-pol-placu-vise-godisnje-nego-zena---537427.html\" target=\"_blank\">zadovoljna.hr, 7.11.2018.<\/a>&nbsp;<br><a href=\"https:\/\/radiokrizevci.hr\/?p=7729\" target=\"_blank\">Radio Kri\u017eevci, 7.11.2018.<\/a>&nbsp;<br><a href=\"http:\/\/podravskiradio.net\/2018\/11\/07\/novi-eu-projekt-pravobraniteljice-za-ravnopravnost-spolova-jednaka-prava-jednake-place-jednake-mirovine\/\" target=\"_blank\">Podravski Radio, 7.11.2018.<\/a>&nbsp;<br><a href=\"https:\/\/www.sibenik.in\/hrvatska\/u-hrvatskoj-muskarac-godisnje-zaradi-jednu-i-pol-placu-vise-nego-zena\/99386.html\" target=\"_blank\">\u0160ibenik IN, 7.11.2018.<\/a>&nbsp;<br>\n                                                <a href=\"https:\/\/kckzz.hr\/novi-eu-projekt-pravobraniteljice-za-ravnopravnost-spolova-jednaka-prava-jednake-place-jednake-mirovine\/\" target=\"_blank\">web Koprivni\u010dko-kri\u017eeva\u010dke \u017eupanije, 7.11.2018.<\/a>&nbsp;<br>\n                                                <a href=\"https:\/\/www.ekvarner.info\/sadrzaj\/muskarac-u-hrvatskoj-zaradi-placu-i-pol-vise-od-zene\/12624_2\" target=\"_blank\">eKvarner.info, 7.11.2018.<\/a>&nbsp;\n                                                    <a href=\"https:\/\/www.hina.hr\/vijest\/9931155\" target=\"_blank\">HINA, 6.11.2018.<\/a>&nbsp;<br><a href=\"https:\/\/www.youtube.com\/watch?v=mqZUCNFT5tA\" target=\"_blank\">HINA Youtube, 6.11.2018.<\/a>&nbsp;<a href=\"https:\/\/vijesti.hrt.hr\/470951\/muskarac-u-hrvatskoj-zaradi-placu-i-pol-vise-od-zene\" target=\"_blank\">HRT, 6.11.2018.<\/a>&nbsp;<br><a href=\"https:\/\/www.tportal.hr\/vijesti\/clanak\/muskarac-u-hrvatskoj-zaradi-placu-i-pol-vise-od-zene-20181106\" target=\"_blank\">Tportal, 6.11.2018.<\/a>&nbsp;<br>\n                                                    <a href=\"http:\/\/hr.n1info.com\/a345396\/Vijesti\/Muskarac-u-Hrvatskoj-zaradi-placu-i-pol-vise-od-zene.html\" target=\"_blank\">N1, 6.11.2018.<\/a>&nbsp;<br><a href=\"http:\/\/novi-radio.hr\/pravobraniteljica-ljubicic-o-problemu-nejednakih-placa\/\" target=\"_blank\">Novi radio \u0110akovo, 6.11.2018.<\/a><br><br><\/p>\n                                    <\/div>\n                                <\/div>\n                                <div class=\"u-container-style u-gradient u-layout-cell u-right-cell u-size-30 u-layout-cell-2\">\n                                    <div class=\"u-container-layout u-container-layout-2\">\n                                        <p class=\"u-text u-text-2\"><a href=\"https:\/\/lider.media\/aktualno\/biznis-i-politika\/hrvatska\/muskarac-u-hrvatskoj-zaradi-placu-i-pol-vise-od-zene\/\" target=\"_parent\">Lider, 6.11.2018.<\/a>&nbsp;<br><a href=\"https:\/\/www.slobodnadalmacija.hr\/novosti\/hrvatska\/clanak\/id\/573671\/ravnopravnost-samo-na-papiru-zena-u-hrvatskoj-gubi-cak-11500-kuna-godisnje-samo-zato-sto-je-zena\" target=\"_blank\">Slobodna Dalmacija, 6.11.2018.<\/a><br><a href=\"https:\/\/www.index.hr\/vijesti\/clanak\/hrvatski-muskarci-su-2015-u-prosjeku-zaradjivali-placu-i-pol-vise-od-zena\/2040613.aspx\" target=\"_blank\">Index.hr, 6.11.2018.<\/a>&nbsp;<br>\n                                            <a href=\"https:\/\/www.vecernji.hr\/vijesti\/muskarac-godisnje-u-hrvatskoj-zaradi-11500-kuna-vise-1281014\" target=\"_blank\">Ve\u010dernji list, 6.11.2018.<\/a>&nbsp;<br><a href=\"https:\/\/direktno.hr\/razvoj\/muskarac-hrvatskoj-zaradi-placu-i-pol-vise-od-zene-138327\/\" target=\"_blank\">direktno, 6.11.2018.<\/a>&nbsp;<br><a href=\"https:\/\/www.dnevno.hr\/vijesti\/hrvatska\/jednaka-prava-samo-u-nazivu-projekta-muskarac-u-hrvatskoj-zaradi-placu-i-pol-vise-od-zene-1244656\/\" target=\"_blank\">dnevno.hr, 6.11.2018.<\/a><br>\n                                            <a href=\"https:\/\/voxfeminae.net\/vijesti\/predstavljen-projekt-jednaka-prava-jednake-place-jednake-mirovine\/\" target=\"_blank\">voxfeminae.net, 6.11.2018.<\/a>&nbsp;<br>\n                                                <a href=\"http:\/\/www.forum.tm\/vijesti\/muskarcima-u-hrvatskoj-placa-i-pol-vise-nego-zenama-6968\" target=\"_blank\">Forum.tm, 6.11.2018.<\/a>&nbsp;<br><a href=\"https:\/\/theworldnews.net\/hr-news\/jednaka-prava-samo-u-nazivu-projekta-muskarac-u-hrvatskoj-zaradi-placu-i-pol-vise-od-zene\" target=\"_blank\">theworldnews.net, 6.11.2018.<\/a>&nbsp;<br>\n                                                <a href=\"https:\/\/www.total-croatia-news.com\/business\/32205-women-wage\" target=\"_blank\">Total Croatia News, 6.11.2018.<\/a>&nbsp;<br><a href=\"http:\/\/nacionalniportal.hr\/muskarac-u-hrvatskoj-zaradi-placu-i-pol-vise-od-zene\/\" target=\"_blank\">Nacionalni portal, 6.11.2018.<\/a>&nbsp;<br><a href=\"https:\/\/www.oslobodjenje.ba\/vijesti\/region\/muskarac-u-hrvatskoj-zaradi-platu-i-pol-vise-od-zene-406967\" target=\"_blank\">Oslobodjenje.ba, 6.11.2018.<\/a>&nbsp;<br>\n                                                <a href=\"https:\/\/www.bljesak.info\/posao\/gospodarstvo\/poslodavci-i-nezadovoljni-i-optimistcni\/252543\" target=\"_blank\">Bljesak.info, 6.11.2018.<\/a>&nbsp;<br>\n                                                    <a href=\"http:\/\/m.pogled.ba\/clanak\/muskarac-u-hrvatskoj-zaradi-placu-i-pol-vise-od-zene\/154501\" target=\"_blank\">Pogled.ba, 6.11.2018.<\/a>&nbsp;<br><a href=\"http:\/\/biznis.ba\/muskarac-u-hrvatskoj-zaradi-placu-i-pol-vise-od-zene\/\" target=\"_blank\">biznis.ba,6.11.2018.<\/a>&nbsp;<br><a href=\"https:\/\/mostarski.ba\/muskarac-u-hrvatskoj-zaradi-placu-i-pol-vise-od-zene\/\" target=\"_blank\">mostarski.ba, 6.11.2018.<\/a>&nbsp;<br><a href=\"https:\/\/www.suh.hr\/images\/glasila\/suh_262.pdf\" target=\"_blank\">Glas umirovljenika,&nbsp;<br>publikacija Sindikata umirovljenika, str. 12<\/a><br><br><\/p>\n                                    <\/div>\n                                <\/div>\n                            <\/div>\n                        <\/div>\n                        <div class=\"u-size-30\">\n                            <div class=\"u-layout-row\">\n                                <div class=\"u-container-style u-gradient u-layout-cell u-left-cell u-right-cell u-size-60 u-layout-cell-3\">\n                                    <div class=\"u-container-layout u-container-layout-3\">\n                                        <p class=\"u-text u-text-3\">Prilozi:&nbsp;<br><a class=\"at_url\" href=\"http:\/\/www.prs.hr\/attachments\/article\/2522\/Glas_Koncila_08_11_18.pdf\" target=\"_blank\" title=\"Download this file (Glas_Koncila_08_11_18.pdf)\">Glas_Koncila_08_11_18.pdf<\/a>&nbsp;~652\n                                            Kb&nbsp;\n                                            <br><a class=\"at_url\" href=\"http:\/\/www.prs.hr\/attachments\/article\/2522\/Glas_Slavonije_7_11_2018.pdf\" target=\"_blank\" title=\"Download this file (Glas_Slavonije_7_11_2018.pdf)\">Glas_Slavonije_7_11_2018.pdf<\/a>&nbsp;~359\n                                            Kb&nbsp;\n                                            <br><a class=\"at_url\" href=\"http:\/\/www.prs.hr\/attachments\/article\/2522\/Hrvatski_umirovljenicki_list_01_11_18.pdf\" target=\"_blank\" title=\"Download this file (Hrvatski_umirovljenicki_list_01_11_18.pdf)\">Hrvatski_umirovljenicki_list_01_11_18.pdf<\/a>&nbsp;~747\n                                            Kb&nbsp;\n                                            <br><a class=\"at_url\" href=\"http:\/\/www.prs.hr\/attachments\/article\/2522\/Jutarnji_list_09_11_18.pdf\" target=\"_blank\" title=\"Download this file (Jutarnji_list_09_11_18.pdf)\">Jutarnji_list_09_11_18.pdf<\/a>&nbsp;~565\n                                            Kb&nbsp;\n                                            <br><a class=\"at_url\" href=\"http:\/\/www.prs.hr\/attachments\/article\/2522\/Slobodna_Dalmacija_7_11_2018.pdf\" target=\"_blank\" title=\"Download this file (Slobodna_Dalmacija_7_11_2018.pdf)\">Slobodna_Dalmacija_7_11_2018.pdf<\/a>&nbsp;~346\n                                            Kb&nbsp;\n                                            <br><a class=\"at_url\" href=\"http:\/\/www.prs.hr\/attachments\/article\/2522\/Vecernji_list_7_11_2018.pdf\" target=\"_blank\" title=\"Download this file (Vecernji_list_7_11_2018.pdf)\">Vecernji_list_7_11_2018.pdf<\/a>&nbsp;~172\n                                            Kb\n                                        <\/p>\n                                    <\/div>\n                                <\/div>\n                            <\/div>\n                        <\/div>\n                    <\/div>\n                <\/div>\n            <\/div>\n        <\/div><\/section>\n<\/div><\/div>","protected":false},"excerpt":{"rendered":"<p>HSU, 24.11.2018.&nbsp; Sigurnomjesto.hr, 17.11.2018.&nbsp;Romi.hr, 16.11.2018.&nbsp; HSU, 9.11.2018.&nbsp;Kri\u017eevci.info, 9.11.2018.&nbsp; Jutarnji list, 7.11.2018.&nbsp; e-podravina.hr, 7.11.2018.&nbsp;Glas Slavonije, 7.11.2018.&nbsp;zadovoljna.hr, 7.11.2018.&nbsp;Radio Kri\u017eevci, 7.11.2018.&nbsp;Podravski Radio, 7.11.2018.&nbsp;\u0160ibenik IN, 7.11.2018.&nbsp; web Koprivni\u010dko-kri\u017eeva\u010dke \u017eupanije, 7.11.2018.&nbsp; eKvarner.info, 7.11.2018.&nbsp; HINA, 6.11.2018.&nbsp;HINA Youtube, 6.11.2018.&nbsp;HRT, 6.11.2018.&nbsp;Tportal, 6.11.2018.&nbsp; N1, 6.11.2018.&nbsp;Novi radio \u0110akovo, 6.11.2018. Lider, 6.11.2018.&nbsp;Slobodna Dalmacija, 6.11.2018.Index.hr, 6.11.2018.&nbsp; Ve\u010dernji list, 6.11.2018.&nbsp;direktno, 6.11.2018.&nbsp;dnevno.hr, 6.11.2018. voxfeminae.net, 6.11.2018.&nbsp; Forum.tm, 6.11.2018.&nbsp;theworldnews.net, 6.11.2018.&nbsp; Total &hellip; <a href=\"https:\/\/gppg.prs.hr\/?page_id=121\" class=\"more-link\">Continue reading<span class=\"screen-reader-text\"> &#8220;Iz drugih medija&#8221;<\/span><\/a><\/p>\n","protected":false},"author":2,"featured_media":0,"parent":0,"menu_order":0,"comment_status":"closed","ping_status":"closed","template":"","meta":{"footnotes":""},"class_list":["post-121","page","type-page","status-publish","hentry"],"_links":{"self":[{"href":"https:\/\/gppg.prs.hr\/index.php?rest_route=\/wp\/v2\/pages\/121","targetHints":{"allow":["GET"]}}],"collection":[{"href":"https:\/\/gppg.prs.hr\/index.php?rest_route=\/wp\/v2\/pages"}],"about":[{"href":"https:\/\/gppg.prs.hr\/index.php?rest_route=\/wp\/v2\/types\/page"}],"author":[{"embeddable":true,"href":"https:\/\/gppg.prs.hr\/index.php?rest_route=\/wp\/v2\/users\/2"}],"replies":[{"embeddable":true,"href":"https:\/\/gppg.prs.hr\/index.php?rest_route=%2Fwp%2Fv2%2Fcomments&post=121"}],"version-history":[{"count":0,"href":"https:\/\/gppg.prs.hr\/index.php?rest_route=\/wp\/v2\/pages\/121\/revisions"}],"wp:attachment":[{"href":"https:\/\/gppg.prs.hr\/index.php?rest_route=%2Fwp%2Fv2%2Fmedia&parent=121"}],"curies":[{"name":"wp","href":"https:\/\/api.w.org\/{rel}","templated":true}]}}